


{"id":28,"date":"2013-01-13T14:24:55","date_gmt":"2013-01-13T13:24:55","guid":{"rendered":"http:\/\/leonor-fini.com\/fr\/?page_id=28"},"modified":"2016-04-20T11:16:45","modified_gmt":"2016-04-20T09:16:45","slug":"bio","status":"publish","type":"page","link":"https:\/\/www.leonor-fini.com\/fr\/bio\/","title":{"rendered":"Biographie"},"content":{"rendered":"<p>Leonor Fini est n\u00e9e \u00e0 Buenos Aires le 30 Ao\u00fbt 1907. Elle passe son enfance \u00e0 Trieste aupr\u00e8s de sa m\u00e8re, de ses grands-parents et de son oncle. La famille Braun est tr\u00e8s li\u00e9e \u00e0 l\u2019intelligentsia triestine\u00a0: Italo Svevo, Umberto Saba et James Joyce. Elle ne fr\u00e9quente aucune \u00e9cole d\u2019art et sa formation est enti\u00e8rement autodidacte. D\u2019o\u00f9, sans doute, la difficult\u00e9 de l\u2019identifier \u00e0 un courant particulier de l\u2019art contemporain, son \u00e9volution ayant surtout \u00e9t\u00e9 marqu\u00e9e par des affinit\u00e9s \u00e9lectives et par son propre \u00ab\u00a0mus\u00e9e imaginaire\u00a0\u00bb. Elle expose pour la premi\u00e8re fois \u00e0 l\u2019\u00e2ge de dix-sept ans, \u00e0 Trieste, lors d\u2019une exposition collective et, \u00e0 cette m\u00eame \u00e9poque, au cours d\u2019un s\u00e9jour \u00e0 Milan, elle rencontre les peintres Funi, Carra, Tosi et d\u00e9couvre l\u2019\u00c9cole de Ferrare, Lombarde, ainsi que les mani\u00e9ristes italiens.<\/p>\n<p>En 1931, Leonor quitte sa famille et s\u2019\u00e9tablit \u00e0 Paris o\u00f9 elle pr\u00e9sente, l\u2019ann\u00e9e suivante, sa premi\u00e8re exposition personnelle \u00e0 la Galerie Bonjean, dont Christian Dior est le directeur.<\/p>\n<p>Elle se lie d\u2019amiti\u00e9 avec Henri Cartier-Bresson, Andr\u00e9 Pieyre de Mandiargues, Georges Bataille, Max Jacob, Paul Eluard, Max Ernst, sans jamais cependant appartenir au groupe surr\u00e9aliste. En 1936, elle effectue son premier voyage \u00e0 New York o\u00f9 elle expose \u00e0 la Julien Levy Gallery et participe \u00e0 la c\u00e9l\u00e8bre exposition \u00ab\u00a0Fantastic Art, Dada and Surrealism\u00a0\u00bb, au Museum of Modern Art et en 1939 elle organise pour son ami Leo Castelli une exposition de meubles d\u2019artistes surr\u00e9alistes tels qu\u2019elle-m\u00eame, Dali, Meret Oppenheim, Max Ernst \u00e0 la galerie Ren\u00e9 Drouin, Place Vend\u00f4me.<\/p>\n<p>\u00c0\u00a0 l\u2019approche de la Seconde Guerre mondiale, elle quitte Paris avec son ami Mandiargues, passe une partie de l\u2019\u00e9t\u00e9 1939 en compagnie de Max Ernst et de Leonora Carrington dans leur maison en Ard\u00e8che, puis part vivre \u00e0 Arcachon aupr\u00e8s de Salvador et Gala Dali. En 1940, elle vit \u00e0 Monte-Carlo o\u00f9 elle peint principalement des portraits, activit\u00e9 qu\u2019elle poursuivra jusqu\u2019au d\u00e9but des ann\u00e9es soixante. Ses portraits pr\u00e9f\u00e9r\u00e9s sont ceux de ses amis\u00a0: Anna Magnani, Maria Felix, Suzanne Flon, Andr\u00e9 Pieyre de Mandiargues, Leonora Carrington, Meret Oppenheim, Jean Genet, Jacques Audiberti, Alberto Moravia, Elsa Morante. En 1941, elle fait la connaissance de Stanislao Lepri, consul d\u2019Italie \u00e0 Monaco, qu\u2019elle incite \u00e0 devenir peintre. Lors de la lib\u00e9ration de Rome, en 1943, elle s\u2019installe avec lui. De retour \u00e0 Paris, en 1946, elle retrouve son ancien appartement de la rue Payenne. En 1952, une rencontre primordiale\u00a0: celle de l\u2019\u00e9crivain polonais Constantin Jelenski avec qui elle partagera d\u00e9sormais sa vie.<\/p>\n<p>Les ann\u00e9es d\u2019apr\u00e8s-guerre resteront pour le grand public celles de l\u2019entr\u00e9e en sc\u00e8ne de Leonor Fini\u00a0: cr\u00e9ation de masques, participation \u00e0 de nombreux bals costum\u00e9s, d\u00e9cors et costumes pour Le Palais de Cristal de Georges Balanchine, \u00e0 l\u2019Op\u00e9ra de Paris, Les Demoiselles de la Nuit de Roland Petit, au th\u00e9\u00e2tre Marigny, L\u2019Enl\u00e8vement au S\u00e9rail, \u00e0 la Scala de Milan ainsi que pour des pi\u00e8ces en collaboration avec Jean Mercure, Jacques Audiberti, Albert Camus, Jean Genet, Jean Le Poulain. L\u2019\u00e9t\u00e9 1954, elle \u00e9prouve un v\u00e9ritable coup de foudre pour un lieu tr\u00e8s sauvage, dans lequel elle se sent en parfaite harmonie. Proche de Nonza, en Corse, elle s\u2019y installe dans un ancien monast\u00e8re franciscain en ruine o\u00f9 d\u00e9sormais elle peint chaque \u00e9t\u00e9.<\/p>\n<p>Passionn\u00e9e de litt\u00e9rature et de po\u00e9sie, Leonor illustra plus d\u2019une cinquantaine d\u2019ouvrages, dont les \u0153uvres de Charles Baudelaire, qu\u2019elle admirait profond\u00e9ment, celles de Paul Verlaine, de G\u00e9rard de Nerval, d\u2019Edgar Allan Poe. Parall\u00e8lement, elle continua de cr\u00e9er d\u00e9cors et costumes pour l\u2019op\u00e9ra et le th\u00e9\u00e2tre\u00a0: \u00ab\u00a0Tannha\u00fcser\u00a0\u00bb, \u00e0 l\u2019Op\u00e9ra de Paris (1963), \u00ab\u00a0Le Concile d\u2019Amour\u00a0\u00bb d\u2019Oscar Panizza, au Th\u00e9\u00e2tre de Paris (1969) et \u00e9galement pour le cin\u00e9ma\u00a0: \u00ab\u00a0Rom\u00e9o and Juliet\u00a0\u00bb de Renato Castellani (1953), \u00ab\u00a0A Walk with Love and Death\u00a0\u00bbde John Huston (1968). De nombreux \u00e9crivains et peintres lui ont consacr\u00e9 des monographies, des essais, des po\u00e8mes\u00a0: Paul Eluard, Giorgio de Chirico, Mario Praz, Max Ernst, Yves Bonnefoy, Constantin Jelenski, Jean-Claude Dedieu.<\/p>\n<p>Debut 1960, Leonor Fini s\u2019installe \u00e0 Paris, dans un appartement, rue de la Vrilli\u00e8re, entre le Palais Royal et la Place des Victoires. Elle y v\u00e9cut, entour\u00e9e de ses amis et de ses chats, ainsi que dans sa maison de Saint-Dy\u00e9-sur-Loire, en Loir-et-Cher, jusqu\u2019\u00e0 sa disparition le 18 janvier 1996.<\/p>\n<p>D\u2019importantes expositions r\u00e9trospectives ont \u00e9t\u00e9 consacr\u00e9es \u00e0 Leonor Fini et \u00e0 son \u0153uvre\u00a0: en Belgique (1965), en Italie (1983,2005), au Japon (1972-73, 1985-86, 2005), aux Etats-Unis (Weinstein Gallery, San Francisco, 2001-2002, 2006, 2008\u00a0; CFM Gallery, New York, 1997, 1999), en France, au Mus\u00e9e du Luxembourg, Paris (1986), \u00e0 la Galerie Dionne (1997), \u00e0 la Galerie Minsky (1998, 1999-2000, 2001, 2002, 2004, 2007, 2008), ainsi qu\u2019en Allemagne, au Mus\u00e9e Panorama, Bad Frankenhausen (1997-98). Le Mus\u00e9e d\u2019Hospice Saint-Roch, \u00e0 Issoudun, pr\u00e9sente, depuis 2008, une exposition permanente et l\u2019installation du \u00ab\u00a0Salon de Leonor Fini\u00a0\u00bb.<\/p>\n<p>En 2007 para\u00eet la premi\u00e8re biographie consacr\u00e9e \u00e0 Leonor Fini et \u00e0 son \u0153uvre\u00a0: Leonor Fini, M\u00e9tamorphose d\u2019un art, Peter Webb, \u00e9ditions Imprimerie Nationale &#8211; Actes Sud.<\/p>\n","protected":false},"excerpt":{"rendered":"Leonor Fini est n\u00e9e \u00e0 Buenos Aires le 30 Ao\u00fbt 1907. Elle passe son enfance \u00e0 Trieste aupr\u00e8s de sa m\u00e8re, de ses grands-parents et de son oncle. La famille Braun est tr\u00e8s li\u00e9e \u00e0 l\u2019intelligentsia triestine\u00a0: Italo Svevo, Umberto Saba et James Joyce. Elle ne fr\u00e9quente aucune \u00e9cole d\u2019art et sa formation est enti\u00e8rement [&hellip;]","protected":false},"author":1,"featured_media":0,"parent":0,"menu_order":0,"comment_status":"open","ping_status":"closed","template":"01-0-biographie.php","meta":{"footnotes":""},"class_list":["post-28","page","type-page","status-publish","hentry"],"_links":{"self":[{"href":"https:\/\/www.leonor-fini.com\/fr\/wp-json\/wp\/v2\/pages\/28","targetHints":{"allow":["GET"]}}],"collection":[{"href":"https:\/\/www.leonor-fini.com\/fr\/wp-json\/wp\/v2\/pages"}],"about":[{"href":"https:\/\/www.leonor-fini.com\/fr\/wp-json\/wp\/v2\/types\/page"}],"author":[{"embeddable":true,"href":"https:\/\/www.leonor-fini.com\/fr\/wp-json\/wp\/v2\/users\/1"}],"replies":[{"embeddable":true,"href":"https:\/\/www.leonor-fini.com\/fr\/wp-json\/wp\/v2\/comments?post=28"}],"version-history":[{"count":5,"href":"https:\/\/www.leonor-fini.com\/fr\/wp-json\/wp\/v2\/pages\/28\/revisions"}],"predecessor-version":[{"id":1718,"href":"https:\/\/www.leonor-fini.com\/fr\/wp-json\/wp\/v2\/pages\/28\/revisions\/1718"}],"wp:attachment":[{"href":"https:\/\/www.leonor-fini.com\/fr\/wp-json\/wp\/v2\/media?parent=28"}],"curies":[{"name":"wp","href":"https:\/\/api.w.org\/{rel}","templated":true}]}}